{"id":16079,"date":"2024-01-04T19:01:46","date_gmt":"2024-01-04T16:01:46","guid":{"rendered":"https:\/\/www.orakcimakina.com\/?page_id=16079"},"modified":"2025-12-17T10:13:22","modified_gmt":"2025-12-17T07:13:22","slug":"hakkimizda","status":"publish","type":"page","link":"https:\/\/www.orakcimakina.com\/de\/hakkimizda\/","title":{"rendered":"Orak\u00e7\u0131 Makina &#8211; Ara\u00e7 \u00dcst\u00fc Ekipman \u00dcreticisi"},"content":{"rendered":"<div data-elementor-type=\"wp-page\" data-elementor-id=\"16079\" class=\"elementor elementor-16079\">\n\t\t\t\t<div class=\"elementor-element elementor-element-3b00842 e-con-full wd-section-stretch-content e-flex e-con e-parent\" data-id=\"3b00842\" data-element_type=\"container\" data-e-type=\"container\" data-settings=\"{&quot;background_background&quot;:&quot;classic&quot;}\">\n\t\t\t\t<div class=\"elementor-element elementor-element-43f7dac elementor-widget elementor-widget-heading\" data-id=\"43f7dac\" data-element_type=\"widget\" data-e-type=\"widget\" data-widget_type=\"heading.default\">\n\t\t\t\t<div class=\"elementor-widget-container\">\n\t\t\t\t\t<h1 class=\"elementor-heading-title elementor-size-default\">Orak\u00e7\u0131 Makina<br>\nOlarak<\/h1>\t\t\t\t<\/div>\n\t\t\t\t<\/div>\n\t\t\t\t<div class=\"elementor-element elementor-element-62ad426 elementor-widget__width-initial elementor-widget elementor-widget-heading\" data-id=\"62ad426\" data-element_type=\"widget\" data-e-type=\"widget\" data-widget_type=\"heading.default\">\n\t\t\t\t<div class=\"elementor-widget-container\">\n\t\t\t\t\t<h1 class=\"elementor-heading-title elementor-size-default\">\"Ara\u00e7 \u00fcst\u00fc at\u0131k toplama ve \u00f6zel hizmet ekipmanlar\u0131n\u0131; m\u00fc\u015fteri ihtiya\u00e7lar\u0131 do\u011frultusunda, g\u00fcvenli, dayan\u0131kl\u0131, rekabet\u00e7i ve global pazarlarda tercih edilen \u00fcr\u00fcnler olarak tasarl\u0131yor ve \u00fcretiyoruz.\"<\/h1>\t\t\t\t<\/div>\n\t\t\t\t<\/div>\n\t\t\t\t<\/div>\n\t\t<div class=\"elementor-element elementor-element-f8b6e64 e-flex e-con-boxed wd-section-disabled e-con e-parent\" data-id=\"f8b6e64\" data-element_type=\"container\" data-e-type=\"container\" id=\"ceo-mesaj\" data-settings=\"{&quot;background_background&quot;:&quot;classic&quot;}\">\n\t\t\t\t\t<div class=\"e-con-inner\">\n\t\t\t\t<div class=\"elementor-element elementor-element-69673dd elementor-widget elementor-widget-menu-anchor\" data-id=\"69673dd\" data-element_type=\"widget\" data-e-type=\"widget\" data-widget_type=\"menu-anchor.default\">\n\t\t\t\t<div class=\"elementor-widget-container\">\n\t\t\t\t\t\t\t<div class=\"elementor-menu-anchor\" id=\"ceo-mesaji\"><\/div>\n\t\t\t\t\t\t<\/div>\n\t\t\t\t<\/div>\n\t\t\t\t<div class=\"elementor-element elementor-element-65344ec elementor-widget elementor-widget-heading\" data-id=\"65344ec\" data-element_type=\"widget\" data-e-type=\"widget\" data-widget_type=\"heading.default\">\n\t\t\t\t<div class=\"elementor-widget-container\">\n\t\t\t\t\t<h2 class=\"elementor-heading-title elementor-size-default\">Ba\u015fkan\u0131n Mesaj\u0131<\/h2>\t\t\t\t<\/div>\n\t\t\t\t<\/div>\n\t\t<div class=\"elementor-element elementor-element-c55a908 e-flex e-con-boxed wd-section-disabled e-con e-child\" data-id=\"c55a908\" data-element_type=\"container\" data-e-type=\"container\" data-settings=\"{&quot;background_background&quot;:&quot;classic&quot;}\">\n\t\t\t\t\t<div class=\"e-con-inner\">\n\t\t\t\t<div class=\"elementor-element elementor-element-28d51f8 elementor-absolute elementor-widget elementor-widget-heading\" data-id=\"28d51f8\" data-element_type=\"widget\" data-e-type=\"widget\" data-settings=\"{&quot;_position&quot;:&quot;absolute&quot;}\" data-widget_type=\"heading.default\">\n\t\t\t\t<div class=\"elementor-widget-container\">\n\t\t\t\t\t<h2 class=\"elementor-heading-title elementor-size-default\">\u00d6zg\u00fcr ORAK\u00c7I<br>\n<span style=\"font-size:14pt;font-weight:normal\">Y\u00f6netim Kurulu Ba\u015fkan\u0131<\/span><\/h2>\t\t\t\t<\/div>\n\t\t\t\t<\/div>\n\t\t\t\t\t<\/div>\n\t\t\t\t<\/div>\n\t\t\t\t\t<\/div>\n\t\t\t\t<\/div>\n\t\t<div class=\"elementor-element elementor-element-253e3de e-flex e-con-boxed wd-section-disabled e-con e-parent\" data-id=\"253e3de\" data-element_type=\"container\" data-e-type=\"container\">\n\t\t\t\t\t<div class=\"e-con-inner\">\n\t\t<div class=\"elementor-element elementor-element-5133553 e-con-full e-flex wd-section-disabled e-con e-child\" data-id=\"5133553\" data-element_type=\"container\" data-e-type=\"container\">\n\t\t\t\t<div class=\"elementor-element elementor-element-933937c elementor-widget elementor-widget-heading\" data-id=\"933937c\" data-element_type=\"widget\" data-e-type=\"widget\" data-widget_type=\"heading.default\">\n\t\t\t\t<div class=\"elementor-widget-container\">\n\t\t\t\t\t<div class=\"elementor-heading-title elementor-size-default\">\u201cOrak\u00e7\u0131 Makina\u2019y\u0131 bug\u00fcne ta\u015f\u0131yan en \u00f6nemli g\u00fcc\u00fc g\u00fcvenilir olu\u015fu, \u00fcr\u00fcnlerinin sonuna kadar arkas\u0131nda durmas\u0131 ve g\u00fc\u00e7l\u00fc sat\u0131\u015f sonras\u0131 hizmet anlay\u0131\u015f\u0131d\u0131r.\u201d<\/div>\t\t\t\t<\/div>\n\t\t\t\t<\/div>\n\t\t\t\t<\/div>\n\t\t<div class=\"elementor-element elementor-element-321525e e-con-full e-flex wd-section-disabled e-con e-child\" data-id=\"321525e\" data-element_type=\"container\" data-e-type=\"container\">\n\t\t\t\t<div class=\"elementor-element elementor-element-a1e8080 color-scheme-inherit text-left elementor-widget elementor-widget-text-editor\" data-id=\"a1e8080\" data-element_type=\"widget\" data-e-type=\"widget\" data-widget_type=\"text-editor.default\">\n\t\t\t\t<div class=\"elementor-widget-container\">\n\t\t\t\t\t\t\t\t\t<p>\u015eirketlerde kurulu\u015f itibariyle; sa\u011fl\u0131kl\u0131 b\u00fcy\u00fcme s\u00fcreci, sunulan \u00fcr\u00fcn ve hizmet kalitesi, benimsenen insan kaynaklar\u0131 politikas\u0131, yap\u0131n\u0131n \u00fclke ekonomisine katk\u0131s\u0131 gibi ba\u015fl\u0131klar \u00e7er\u00e7evesinde marka olarak itibar kazanmak, \u015firketin s\u00fcreklili\u011fi a\u00e7\u0131s\u0131ndan son derece \u00f6nemli. Bu bilin\u00e7le yakla\u015f\u0131k 25 y\u0131ld\u0131r kat etti\u011fimiz yolda sa\u011flad\u0131\u011f\u0131m\u0131z ba\u015far\u0131, kazand\u0131\u011f\u0131m\u0131z g\u00fcven bize Orak\u00e7\u0131 Makina\u2019n\u0131n gelecek hedefleri \u00e7er\u00e7evesinde g\u00fc\u00e7, enerji, motivasyon sa\u011fl\u0131yor. Biliyoruz ki; yolumuz a\u00e7\u0131k, hedeflerimiz y\u00fcksek ve bu yolda enerjimiz sonsuz.\u00a0<\/p><p>Markam\u0131z\u0131 d\u00fcnyan\u0131n her yerine gururla ula\u015ft\u0131rmak, daha b\u00fcy\u00fck ba\u015far\u0131larla \u00fclkemizi global arenada temsil etmek i\u00e7in daha yapacak \u00e7ok i\u015fimiz var. Farkl\u0131 sekt\u00f6rlerde hizmet veren \u015firketlerimizle yar\u0131m y\u00fczy\u0131la yakla\u015fan yolculu\u011fumuzda \u00f6ncelikli hedefimiz; Orak\u00e7\u0131 Makina\u2019y\u0131 \u00fcretici kimli\u011fiyle d\u00fcnya genelinde sekt\u00f6r liderleri aras\u0131na konumland\u0131rmak.<\/p><p>Bu ailenin bir \u00fcyesi olan ve hep birlikte belirledi\u011fimiz hedeflerimize ula\u015fmak i\u00e7in i\u00e7tenlikle \u00e7al\u0131\u015fan i\u015f arkada\u015flar\u0131ma ve t\u00fcm payda\u015flar\u0131m\u0131za sonsuz te\u015fekk\u00fcrlerimi sunar\u0131m.<\/p>\t\t\t\t\t\t\t\t<\/div>\n\t\t\t\t<\/div>\n\t\t\t\t<\/div>\n\t\t\t\t\t<\/div>\n\t\t\t\t<\/div>\n\t\t<div class=\"elementor-element elementor-element-b0c3af6 e-flex e-con-boxed wd-section-disabled e-con e-parent\" data-id=\"b0c3af6\" data-element_type=\"container\" data-e-type=\"container\" id=\"biz-kimiz\">\n\t\t\t\t\t<div class=\"e-con-inner\">\n\t\t\t\t<div class=\"elementor-element elementor-element-6b2415d elementor-widget elementor-widget-menu-anchor\" data-id=\"6b2415d\" data-element_type=\"widget\" data-e-type=\"widget\" data-widget_type=\"menu-anchor.default\">\n\t\t\t\t<div class=\"elementor-widget-container\">\n\t\t\t\t\t\t\t<div class=\"elementor-menu-anchor\" id=\"biz-kimiz\"><\/div>\n\t\t\t\t\t\t<\/div>\n\t\t\t\t<\/div>\n\t\t\t\t<div class=\"elementor-element elementor-element-efa4c2f elementor-widget elementor-widget-heading\" data-id=\"efa4c2f\" data-element_type=\"widget\" data-e-type=\"widget\" data-widget_type=\"heading.default\">\n\t\t\t\t<div class=\"elementor-widget-container\">\n\t\t\t\t\t<h2 class=\"elementor-heading-title elementor-size-default\">Biz Kimiz?<\/h2>\t\t\t\t<\/div>\n\t\t\t\t<\/div>\n\t\t\t\t<div class=\"elementor-element elementor-element-63df09f elementor-widget elementor-widget-image\" data-id=\"63df09f\" data-element_type=\"widget\" data-e-type=\"widget\" data-widget_type=\"image.default\">\n\t\t\t\t<div class=\"elementor-widget-container\">\n\t\t\t\t\t\t\t\t\t\t\t\t\t\t\t<img fetchpriority=\"high\" decoding=\"async\" width=\"1672\" height=\"787\" src=\"https:\/\/www.orakcimakina.com\/wp-content\/themes\/woodmart\/images\/lazy.png\" class=\"attachment-full size-full wp-image-16083 wd-lazy-load wd-lazy-none\" alt=\"\" srcset=\"\" sizes=\"(max-width: 1672px) 100vw, 1672px\" data-wood-src=\"https:\/\/www.orakcimakina.com\/wp-content\/uploads\/2024\/01\/biz-kimiz-1.png.webp\" data-srcset=\"https:\/\/www.orakcimakina.com\/wp-content\/uploads\/2024\/01\/biz-kimiz-1.png.webp 1672w, https:\/\/www.orakcimakina.com\/wp-content\/uploads\/2024\/01\/biz-kimiz-1.png-400x188.webp 400w, https:\/\/www.orakcimakina.com\/wp-content\/uploads\/2024\/01\/biz-kimiz-1.png-1300x612.webp 1300w, https:\/\/www.orakcimakina.com\/wp-content\/uploads\/2024\/01\/biz-kimiz-1.png-768x361.webp 768w, https:\/\/www.orakcimakina.com\/wp-content\/uploads\/2024\/01\/biz-kimiz-1.png-1536x723.webp 1536w\" title=\"\">\t\t\t\t\t\t\t\t\t\t\t\t\t\t\t<\/div>\n\t\t\t\t<\/div>\n\t\t\t\t\t<\/div>\n\t\t\t\t<\/div>\n\t\t<div class=\"elementor-element elementor-element-a6b7225 e-flex e-con-boxed wd-section-disabled e-con e-parent\" data-id=\"a6b7225\" data-element_type=\"container\" data-e-type=\"container\">\n\t\t\t\t\t<div class=\"e-con-inner\">\n\t\t<div class=\"elementor-element elementor-element-ee8b20b e-con-full e-flex wd-section-disabled e-con e-child\" data-id=\"ee8b20b\" data-element_type=\"container\" data-e-type=\"container\">\n\t\t\t\t<div class=\"elementor-element elementor-element-8330839 elementor-widget elementor-widget-heading\" data-id=\"8330839\" data-element_type=\"widget\" data-e-type=\"widget\" data-widget_type=\"heading.default\">\n\t\t\t\t<div class=\"elementor-widget-container\">\n\t\t\t\t\t<div class=\"elementor-heading-title elementor-size-default\">\u201cAra\u00e7 \u00fcst\u00fc at\u0131k toplama ve \u00f6zel hizmet ekipmanlar\u0131n\u0131; m\u00fc\u015fteri ihtiya\u00e7lar\u0131 do\u011frultusunda, g\u00fcvenli, dayan\u0131kl\u0131, rekabet\u00e7i ve global pazarlarda tercih edilen \u00fcr\u00fcnler olarak tasarl\u0131yor ve \u00fcretiyoruz.\u201d<\/div>\t\t\t\t<\/div>\n\t\t\t\t<\/div>\n\t\t\t\t<\/div>\n\t\t<div class=\"elementor-element elementor-element-278fa69 e-con-full e-flex wd-section-disabled e-con e-child\" data-id=\"278fa69\" data-element_type=\"container\" data-e-type=\"container\">\n\t\t\t\t<div class=\"elementor-element elementor-element-eaa9009 color-scheme-inherit text-left elementor-widget elementor-widget-text-editor\" data-id=\"eaa9009\" data-element_type=\"widget\" data-e-type=\"widget\" data-widget_type=\"text-editor.default\">\n\t\t\t\t<div class=\"elementor-widget-container\">\n\t\t\t\t\t\t\t\t\t<p>Orak\u00e7\u0131 Makina, yakla\u015f\u0131k 25 y\u0131ld\u0131r ara\u00e7 \u00fcst\u00fc hizmet ekipmanlar\u0131 tasarlayan, \u00fcreten, geli\u015ftiren, sat\u0131\u015f ve sat\u0131\u015f sonras\u0131 hizmetlerini sunan, ana \u00fcretimini T\u00fcrkiye\u2019de ger\u00e7ekle\u015ftiren ve g\u00fc\u00e7l\u00fc yerel i\u015f birlikleri ile b\u00fcy\u00fcmeye devam eden global bir firmad\u0131r.<\/p>\n<p><a style=\"font-size: 16px; background-color: var(--wd-main-bgcolor);\" href=\"\/de\/orakci-grup\/\" target=\"_blank\" rel=\"noopener\">Orak\u00e7\u0131 Grubu<\/a>\u2019nun ilk sanayi yat\u0131r\u0131m\u0131d\u0131r. 1978 y\u0131l\u0131nda ticari hayat\u0131na ba\u015flayan Orak\u00e7\u0131 Grubu, hizmet, makina, otomotiv ve in\u015faat sekt\u00f6rlerinde faaliyet g\u00f6stermektedir. Bug\u00fcn bir\u00e7ok belediye ve \u015firketin i\u015f orta\u011f\u0131 konumunda olan ve m\u00fc\u015fterilerine ayr\u0131cal\u0131kl\u0131 hizmetler sunan Orak\u00e7\u0131 Grubu, bir aile \u015firketinin geleneksel ve sa\u011flam temelleri \u00fczerine kurulmu\u015ftur.<\/p>\n<p><span style=\"font-size: 16px; background-color: var(--wd-main-bgcolor);\">Ara\u00e7 \u00fcst\u00fc ekipman sekt\u00f6r\u00fcnde; projesini ve imalat\u0131n\u0131 yapt\u0131\u011f\u0131 \u00fcr\u00fcnlerin \u00e7e\u015fitlili\u011fi a\u00e7\u0131s\u0131ndan T\u00fcrkiye\u2019de yelpazesi en geni\u015f \u00fcreticidir. \u00dcretiminin neredeyse tamam\u0131n\u0131 ihra\u00e7 eden Orak\u00e7\u0131 Makina; yenilik\u00e7i, rekabet\u00e7i ve kaliteden \u00f6d\u00fcn vermeyen yakla\u015f\u0131m\u0131 ile her ge\u00e7en g\u00fcn d\u00fcnya \u00e7ap\u0131nda bilinirli\u011fini art\u0131rm\u0131\u015f ve global bir marka haline gelmi\u015ftir.<\/span><\/p>\n<p>Bug\u00fcne kadar 4 k\u0131tada 26 \u00fclkeye ihracat yaparak, y\u0131ll\u0131k 2.000 adet ara\u00e7 \u00fcst\u00fc ekipman \u00fcretim kapasitesine ula\u015fm\u0131\u015f ve istikrarl\u0131 b\u00fcy\u00fcmesine devam etmektedir.<\/p>\n<p><span style=\"font-size: 16px; background-color: var(--wd-main-bgcolor);\">\u00dcretimini uluslararas\u0131 standartlarda kurumsal y\u00f6netim ve m\u00fc\u015fteri memnuniyeti anlay\u0131\u015f\u0131 ile ger\u00e7ekle\u015ftirmektedir. Avrupa\u2019da CE ve T\u00fcrkiye\u2019de TSE standartlar\u0131nda sunmu\u015f oldu\u011fu EN 280, EN 12999, EN 1501, EN 13019, ISO 9001 sertifikalar\u0131yla kalitesini periyodik olarak belgelendirilmektedir.<\/span><\/p>\n<p>D\u00fcnyan\u0131n farkl\u0131 b\u00f6lgelerinde konumlanarak, pazardaki yerel ko\u015fullar ve m\u00fc\u015fterinin spesifik ihtiya\u00e7lar\u0131na uygun \u00e7\u00f6z\u00fcmler \u00fcretmek ve h\u0131zl\u0131 teslimat i\u00e7in g\u00fc\u00e7l\u00fc partnerle \u00fcretim\/montaj ortakl\u0131klar\u0131 kurarak, birlikte b\u00fcy\u00fcmektedir. M\u00fc\u015fterilerine yenilik\u00e7i \u00fcr\u00fcnler sunarak pazarda bir ad\u0131m \u00f6nde olmalar\u0131n\u0131 sa\u011flamak ad\u0131na d\u00fczenli \u015fekilde Ar-ge, \u0130nsan Kaynaklar\u0131 ve sistem yat\u0131r\u0131mlar\u0131 yapmay\u0131 s\u00fcrd\u00fcrmektedir.<\/p>\n<p>\u201cGlobal pazarlarda, s\u00fcrd\u00fcr\u00fclebilir g\u00fc\u00e7l\u00fc i\u015fbirlikleri ve yeni \u00fcretim alanlar\u0131 ile istikrarl\u0131 b\u00fcy\u00fcyen, sekt\u00f6r\u00fcnde lider bir marka olmak i\u00e7in \u00e7al\u0131\u015f\u0131yoruz.\u201d<br>Ba\u015far\u0131s\u0131nda ve sahip oldu\u011fu rekabet \u00fcst\u00fcnl\u00fc\u011f\u00fcnde en b\u00fcy\u00fck pay\u0131n \u00e7al\u0131\u015fanlar\u0131na ait oldu\u011funu bilen Orak\u00e7\u0131 Makina, \u00e7al\u0131\u015fanlar\u0131 ve birlikte i\u015f yapt\u0131\u011f\u0131 t\u00fcm payda\u015flar\u0131 ile kar\u015f\u0131l\u0131kl\u0131 g\u00fcven, sayg\u0131 ve i\u015f birli\u011fi i\u00e7inde olmay\u0131 \u00f6n plana koymaktad\u0131r.<\/p>\t\t\t\t\t\t\t\t<\/div>\n\t\t\t\t<\/div>\n\t\t\t\t<\/div>\n\t\t\t\t\t<\/div>\n\t\t\t\t<\/div>\n\t\t<div class=\"elementor-element elementor-element-360f280 e-flex e-con-boxed wd-section-disabled e-con e-parent\" data-id=\"360f280\" data-element_type=\"container\" data-e-type=\"container\" id=\"tarihcemiz\">\n\t\t\t\t\t<div class=\"e-con-inner\">\n\t\t\t\t<div class=\"elementor-element elementor-element-89d372c elementor-widget elementor-widget-menu-anchor\" data-id=\"89d372c\" data-element_type=\"widget\" data-e-type=\"widget\" data-widget_type=\"menu-anchor.default\">\n\t\t\t\t<div class=\"elementor-widget-container\">\n\t\t\t\t\t\t\t<div class=\"elementor-menu-anchor\" id=\"tarihcemiz\"><\/div>\n\t\t\t\t\t\t<\/div>\n\t\t\t\t<\/div>\n\t\t\t\t<div class=\"elementor-element elementor-element-ff2eced elementor-widget elementor-widget-heading\" data-id=\"ff2eced\" data-element_type=\"widget\" data-e-type=\"widget\" data-widget_type=\"heading.default\">\n\t\t\t\t<div class=\"elementor-widget-container\">\n\t\t\t\t\t<h2 class=\"elementor-heading-title elementor-size-default\">Tarih\u00e7emiz<\/h2>\t\t\t\t<\/div>\n\t\t\t\t<\/div>\n\t\t\t\t<div class=\"elementor-element elementor-element-80925a4 elementor-widget elementor-widget-image\" data-id=\"80925a4\" data-element_type=\"widget\" data-e-type=\"widget\" data-widget_type=\"image.default\">\n\t\t\t\t<div class=\"elementor-widget-container\">\n\t\t\t\t\t\t\t\t\t\t\t\t\t\t\t<img decoding=\"async\" width=\"1300\" height=\"612\" src=\"https:\/\/www.orakcimakina.com\/wp-content\/themes\/woodmart\/images\/lazy.png\" class=\"attachment-large size-large wp-image-16089 wd-lazy-load wd-lazy-none\" alt=\"\" srcset=\"\" sizes=\"(max-width: 1300px) 100vw, 1300px\" data-wood-src=\"https:\/\/www.orakcimakina.com\/wp-content\/uploads\/2024\/01\/Tarihcemiz-1.png-1300x612.webp\" data-srcset=\"https:\/\/www.orakcimakina.com\/wp-content\/uploads\/2024\/01\/Tarihcemiz-1.png-1300x612.webp 1300w, https:\/\/www.orakcimakina.com\/wp-content\/uploads\/2024\/01\/Tarihcemiz-1.png-400x188.webp 400w, https:\/\/www.orakcimakina.com\/wp-content\/uploads\/2024\/01\/Tarihcemiz-1.png-768x361.webp 768w, https:\/\/www.orakcimakina.com\/wp-content\/uploads\/2024\/01\/Tarihcemiz-1.png-1536x723.webp 1536w, https:\/\/www.orakcimakina.com\/wp-content\/uploads\/2024\/01\/Tarihcemiz-1.png.webp 1672w\" title=\"\">\t\t\t\t\t\t\t\t\t\t\t\t\t\t\t<\/div>\n\t\t\t\t<\/div>\n\t\t\t\t\t<\/div>\n\t\t\t\t<\/div>\n\t\t<div class=\"elementor-element elementor-element-3370e3c e-flex e-con-boxed wd-section-disabled e-con e-parent\" data-id=\"3370e3c\" data-element_type=\"container\" data-e-type=\"container\">\n\t\t\t\t\t<div class=\"e-con-inner\">\n\t\t<div class=\"elementor-element elementor-element-aa60ff4 e-con-full e-flex wd-section-disabled e-con e-child\" data-id=\"aa60ff4\" data-element_type=\"container\" data-e-type=\"container\">\n\t\t\t\t<div class=\"elementor-element elementor-element-7870a5c elementor-widget elementor-widget-heading\" data-id=\"7870a5c\" data-element_type=\"widget\" data-e-type=\"widget\" data-widget_type=\"heading.default\">\n\t\t\t\t<div class=\"elementor-widget-container\">\n\t\t\t\t\t<div class=\"elementor-heading-title elementor-size-default\">\u201cFarkl\u0131 sekt\u00f6rlerde yer alman\u0131n yaratt\u0131\u011f\u0131 sinerji ve g\u00fc\u00e7 ile s\u00fcrd\u00fcr\u00fclebilir, g\u00fcvenli ad\u0131mlarla b\u00fcy\u00fcyoruz.\u201d<\/div>\t\t\t\t<\/div>\n\t\t\t\t<\/div>\n\t\t\t\t<\/div>\n\t\t<div class=\"elementor-element elementor-element-7483914 e-con-full e-flex wd-section-disabled e-con e-child\" data-id=\"7483914\" data-element_type=\"container\" data-e-type=\"container\">\n\t\t\t\t<div class=\"elementor-element elementor-element-9e73ed2 color-scheme-inherit text-left elementor-widget elementor-widget-text-editor\" data-id=\"9e73ed2\" data-element_type=\"widget\" data-e-type=\"widget\" data-widget_type=\"text-editor.default\">\n\t\t\t\t<div class=\"elementor-widget-container\">\n\t\t\t\t\t\t\t\t\t<p>1978 y\u0131l\u0131nda belediyelere alt yap\u0131 ve hizmet binalar\u0131 in\u015faat\u0131 i\u015fleri konular\u0131nda hizmet vermeye ba\u015flayan Orak\u00e7\u0131 Grubu, 1990 y\u0131l\u0131 ile beraber kat\u0131 at\u0131k toplama ta\u015f\u0131ma ve \u015fehir temizli\u011fi sekt\u00f6r\u00fcnde \u00e7al\u0131\u015fmaya ba\u015flar.<br \/>Orak\u00e7\u0131 Makina\u2019n\u0131n ilk faaliyetleri grup b\u00fcnyesinde kullan\u0131lan ara\u00e7 \u00fcst\u00fc hizmet ekipmanlar\u0131n\u0131n a\u011f\u0131r servis-bak\u0131m ihtiya\u00e7lar\u0131n\u0131n kar\u015f\u0131lanmas\u0131d\u0131r.<\/p><p>2000 y\u0131l\u0131nda at\u0131k konteyneri imalat\u0131na ba\u015flan\u0131r. 2002 y\u0131l\u0131nda ba\u015flayan d\u00f6n\u00fc\u015f\u00fcm ile birlikte tesis, altyap\u0131, insan kaynaklar\u0131 ve sistem yat\u0131r\u0131mlar\u0131n\u0131 tamamlayan Orak\u00e7\u0131 Makina, ara\u00e7 \u00fcst\u00fc ekipman imalat\u0131na ba\u015flar. Grubun bu ekipmanlar\u0131n ayn\u0131 zamanda kullan\u0131c\u0131s\u0131 olmas\u0131 ve saha \u00e7al\u0131\u015fmalar\u0131n\u0131n geri bildirimleri \u00fcr\u00fcn geli\u015ftirmede Orak\u00e7\u0131 Makina\u2019ya b\u00fcy\u00fck h\u0131z kazand\u0131r\u0131r.<br \/>2005 y\u0131l\u0131nda ilk ihracat\u0131n\u0131 ger\u00e7ekle\u015ftirir.<\/p><p>2008-2014 y\u0131llar\u0131 ihracat rakamlar\u0131ndaki h\u0131zl\u0131 art\u0131\u015f ile global marka olma yolundaki en b\u00fcy\u00fck at\u0131l\u0131m\u0131n\u0131 ger\u00e7ekle\u015ftirdi\u011fi y\u0131llar olmu\u015ftur.<br \/>Orak\u00e7\u0131 Makina, ara\u00e7 \u00fcst\u00fc ekipman \u00fcretimindeki kapasite art\u0131\u015flar\u0131n\u0131 kar\u015f\u0131lamak i\u00e7in yeni fabrikas\u0131n\u0131n kurulumunu tamamlar ve 2016 y\u0131l\u0131nda yeni yerinde 9.600 m2 kapal\u0131 alanda hizmet vermeye ba\u015flar.<br \/>Orak\u00e7\u0131 Makina\u2019n\u0131n projelerini geli\u015ftirdi\u011fi Tasar\u0131m Merkezi, 2018 y\u0131l\u0131nda T\u00fcrkiye Bilim Sanayi ve Teknoloji Bakanl\u0131\u011f\u0131 onay\u0131yla T\u00fcrkiye\u2019nin 222. Onayl\u0131 Tasar\u0131m Merkezi olur.\u00a0<\/p><p>2019 y\u0131l\u0131nda Dijital D\u00f6n\u00fc\u015f\u00fcm ve yeniden yap\u0131lanma s\u00fcrecine giren Orak\u00e7\u0131 Makina, kendi ERP yaz\u0131l\u0131m\u0131n\u0131 geli\u015ftirir. Bug\u00fcn; sat\u0131\u015f, proje, sat\u0131n alma, \u00fcretim, kalite, sevkiyat, insan kaynaklar\u0131 dahil t\u00fcm s\u00fcre\u00e7lerini, kendi kurdu\u011fu ve her g\u00fcn geli\u015ftirdi\u011fi \u201cBilgi Y\u00f6netim Platformu\u201d ile uluslararas\u0131 standartlarda y\u00f6netmektedir.<\/p><p>Bug\u00fcn; 4 k\u0131tada 26 \u00fclkeye ihracat yapan ve y\u0131ll\u0131k 2.000 adet makina \u00fcretim kapasitesine ula\u015fm\u0131\u015f global bir firmad\u0131r. \u00c7al\u0131\u015fanlar\u0131 ile birlikte geli\u015fmeye, faaliyette bulundu\u011fu pazarlardaki yerel ortaklar\u0131 ile birlikte b\u00fcy\u00fcmeye ve marka de\u011ferini her ge\u00e7en g\u00fc\u00e7lendirmeye devam etmektedir. \u00dcretiminin neredeyse tamam\u0131n\u0131 ihra\u00e7 eden Orak\u00e7\u0131 Makina, \u00fclke ekonomisine katk\u0131 sunmaya devam edecektir.<\/p>\t\t\t\t\t\t\t\t<\/div>\n\t\t\t\t<\/div>\n\t\t\t\t<\/div>\n\t\t\t\t\t<\/div>\n\t\t\t\t<\/div>\n\t\t<div class=\"elementor-element elementor-element-d89a046 e-flex e-con-boxed wd-section-disabled e-con e-parent\" data-id=\"d89a046\" data-element_type=\"container\" data-e-type=\"container\" id=\"degerlerimiz\">\n\t\t\t\t\t<div class=\"e-con-inner\">\n\t\t\t\t<div class=\"elementor-element elementor-element-675dd50 elementor-widget elementor-widget-menu-anchor\" data-id=\"675dd50\" data-element_type=\"widget\" data-e-type=\"widget\" data-widget_type=\"menu-anchor.default\">\n\t\t\t\t<div class=\"elementor-widget-container\">\n\t\t\t\t\t\t\t<div class=\"elementor-menu-anchor\" id=\"degerlerimiz\"><\/div>\n\t\t\t\t\t\t<\/div>\n\t\t\t\t<\/div>\n\t\t\t\t<div class=\"elementor-element elementor-element-3ce0499 elementor-widget elementor-widget-heading\" data-id=\"3ce0499\" data-element_type=\"widget\" data-e-type=\"widget\" data-widget_type=\"heading.default\">\n\t\t\t\t<div class=\"elementor-widget-container\">\n\t\t\t\t\t<h2 class=\"elementor-heading-title elementor-size-default\">De\u011ferlerimiz<\/h2>\t\t\t\t<\/div>\n\t\t\t\t<\/div>\n\t\t\t\t<div class=\"elementor-element elementor-element-5c713bf elementor-widget elementor-widget-image\" data-id=\"5c713bf\" data-element_type=\"widget\" data-e-type=\"widget\" data-widget_type=\"image.default\">\n\t\t\t\t<div class=\"elementor-widget-container\">\n\t\t\t\t\t\t\t\t\t\t\t\t\t\t\t<img decoding=\"async\" width=\"1300\" height=\"612\" src=\"https:\/\/www.orakcimakina.com\/wp-content\/themes\/woodmart\/images\/lazy.png\" class=\"attachment-large size-large wp-image-16090 wd-lazy-load wd-lazy-none\" alt=\"\" srcset=\"\" sizes=\"(max-width: 1300px) 100vw, 1300px\" data-wood-src=\"https:\/\/www.orakcimakina.com\/wp-content\/uploads\/2024\/01\/Degerlerimiz-1.png-1300x612.webp\" data-srcset=\"https:\/\/www.orakcimakina.com\/wp-content\/uploads\/2024\/01\/Degerlerimiz-1.png-1300x612.webp 1300w, https:\/\/www.orakcimakina.com\/wp-content\/uploads\/2024\/01\/Degerlerimiz-1.png-400x188.webp 400w, https:\/\/www.orakcimakina.com\/wp-content\/uploads\/2024\/01\/Degerlerimiz-1.png-768x361.webp 768w, https:\/\/www.orakcimakina.com\/wp-content\/uploads\/2024\/01\/Degerlerimiz-1.png-1536x723.webp 1536w, https:\/\/www.orakcimakina.com\/wp-content\/uploads\/2024\/01\/Degerlerimiz-1.png.webp 1672w\" title=\"\">\t\t\t\t\t\t\t\t\t\t\t\t\t\t\t<\/div>\n\t\t\t\t<\/div>\n\t\t\t\t\t<\/div>\n\t\t\t\t<\/div>\n\t\t<div class=\"elementor-element elementor-element-94322a7 e-flex e-con-boxed wd-section-disabled e-con e-parent\" data-id=\"94322a7\" data-element_type=\"container\" data-e-type=\"container\">\n\t\t\t\t\t<div class=\"e-con-inner\">\n\t\t<div class=\"elementor-element elementor-element-0c33712 e-con-full e-flex wd-section-disabled e-con e-child\" data-id=\"0c33712\" data-element_type=\"container\" data-e-type=\"container\">\n\t\t\t\t<div class=\"elementor-element elementor-element-95d0b61 elementor-widget elementor-widget-heading\" data-id=\"95d0b61\" data-element_type=\"widget\" data-e-type=\"widget\" data-widget_type=\"heading.default\">\n\t\t\t\t<div class=\"elementor-widget-container\">\n\t\t\t\t\t<div class=\"elementor-heading-title elementor-size-default\">\u201cDe\u011ferlerimize ba\u011fl\u0131 kalarak en iyi olmak i\u00e7in \u00e7al\u0131\u015f\u0131yoruz.\u201d<\/div>\t\t\t\t<\/div>\n\t\t\t\t<\/div>\n\t\t\t\t<\/div>\n\t\t<div class=\"elementor-element elementor-element-32eb995 e-con-full e-flex wd-section-disabled e-con e-child\" data-id=\"32eb995\" data-element_type=\"container\" data-e-type=\"container\">\n\t\t\t\t<div class=\"elementor-element elementor-element-3555cb2 color-scheme-inherit text-left elementor-widget elementor-widget-text-editor\" data-id=\"3555cb2\" data-element_type=\"widget\" data-e-type=\"widget\" data-widget_type=\"text-editor.default\">\n\t\t\t\t<div class=\"elementor-widget-container\">\n\t\t\t\t\t\t\t\t\t<span style=\"color: #4db848;\">M\u00fc\u015fteri Odakl\u0131l\u0131k ve Yerel Davranabilme<\/span>\n\u00dcr\u00fcn ve hizmetlerimizi sunarken, m\u00fc\u015fterilerimizin beklenti ve ihtiya\u00e7lar\u0131n\u0131 yerel \u00f6zellikleri de g\u00f6zetmek suretiyle kaliteli ve istikrarl\u0131 bir \u015fekilde kar\u015f\u0131layarak m\u00fc\u015fteri memnuniyeti sa\u011flamay\u0131 ilke edindik.\n<br><br>\n<span style=\"color: #4db848;\">Daima \u201cEn \u0130yi\u201d Olmay\u0131 Hedeflemek\n<\/span><br>\n\u0130\u015fimizde en iyiyi yapmak i\u00e7in duydu\u011fumuz heyecan\u0131 kaybetmeden, dinamik, yenilik\u00e7i yap\u0131m\u0131z\u0131 korumaya \u00f6zen g\u00f6steriyoruz.\n<br><br>\n<span style=\"color: #4db848;\">En B\u00fcy\u00fck De\u011ferimiz, \u0130nsan Kayna\u011f\u0131m\u0131z\n<\/span><br>\nSahip oldu\u011fumuz insan kayna\u011f\u0131m\u0131zdan ald\u0131\u011f\u0131m\u0131z g\u00fc\u00e7le hedeflerimizi ger\u00e7ekle\u015ftirebilece\u011fimize inan\u0131yoruz. \u00c7al\u0131\u015fanlar\u0131m\u0131z\u0131n memnuniyetini ve geli\u015fimini \u00f6n planda tutuyoruz ve bu konulara kaynak ay\u0131r\u0131yoruz. Kar\u015f\u0131l\u0131kl\u0131 g\u00fcven ve sayg\u0131n\u0131n hakim oldu\u011fu, kat\u0131l\u0131m\u0131n ve \u00e7e\u015fitlili\u011fin de\u011fer g\u00f6rd\u00fc\u011f\u00fc \u00e7al\u0131\u015fma ortamlar\u0131 yaratmaya \u00f6zen g\u00f6steriyoruz.\n<br><br>\n<span style=\"color: #4db848;\">D\u00fcr\u00fcst \u00c7al\u0131\u015fma \u0130lkelerine, \u00dcst\u00fcn \u0130\u015f Ahlak\u0131na Uymak ve Etik De\u011ferlere Ba\u011fl\u0131l\u0131k<\/span><br>\n\u00c7al\u0131\u015fanlar\u0131m\u0131z, m\u00fc\u015fterilerimiz ve di\u011fer payda\u015flar\u0131m\u0131zla ili\u015fkilerimizde yasalara ve ahlak kurallar\u0131na uymay\u0131, \u015feffafl\u0131\u011f\u0131, iyi niyet ve anlay\u0131\u015fla davranmay\u0131 ilke olarak benimsiyoruz.\n<br><br>\n<span style=\"color: #4db848;\">Sa\u011fl\u0131kl\u0131 ve G\u00fcvenli Bir \u00c7al\u0131\u015fma Ortam\u0131 Olu\u015fturmak<\/span><br>\n\u0130\u015f sa\u011fl\u0131\u011f\u0131 ve g\u00fcvenli\u011fi y\u00f6netim sistemini, \u00e7al\u0131\u015fma k\u00fclt\u00fcr\u00fcm\u00fcz\u00fcn ayr\u0131lmaz bir par\u00e7as\u0131 olarak kabul ediyoruz. \u0130\u015f kazalar\u0131 ve meslek hastal\u0131klar\u0131na neden olabilecek tehlikeleri en aza indirmek amac\u0131yla g\u00fcvenli \u00e7al\u0131\u015fma d\u00fczeni ve ortam\u0131n\u0131 sa\u011flamak, \u00e7al\u0131\u015fanlar\u0131m\u0131z\u0131n fark\u0131ndal\u0131\u011f\u0131n\u0131 artt\u0131rmak i\u00e7in kaynak ay\u0131r\u0131yoruz.\n<br><br>\n<span style=\"color: #4db848;\">Farkl\u0131 Bak\u0131\u015f A\u00e7\u0131lar\u0131na A\u00e7\u0131kl\u0131k<\/span><br>\nFarkl\u0131 bak\u0131\u015f a\u00e7\u0131lar\u0131n\u0131n ve bilgi birikimlerinin harmanlanmas\u0131 yolu ile yeni, yarat\u0131c\u0131 f\u0131rsatlar yakalanabilece\u011fine ve ekip \u00e7al\u0131\u015fmas\u0131n\u0131n g\u00fcc\u00fcne inan\u0131yoruz. \u00c7al\u0131\u015fma arkada\u015flar\u0131m\u0131z\u0131n ve m\u00fc\u015fterilerimizin her t\u00fcrl\u00fc fikrine ve \u00f6nerisine de\u011fer veriyoruz.\n<br><br>\n<span style=\"color: #4db848;\">S\u00fcrekli \u00d6\u011frenen ve Yenilik\u00e7i<\/span><br>\n\u00c7al\u0131\u015ft\u0131\u011f\u0131m\u0131z sekt\u00f6rlerdeki geli\u015fmeleri ve yenilikleri yak\u0131ndan takip ederek en yeni bilgi ve teknolojileri edinmek \u00fczere insan kayna\u011f\u0131m\u0131za ve teknolojiye daima yat\u0131r\u0131m yap\u0131yoruz. S\u00fcrekli \u00f6\u011frenen ve kendini yenileyen yap\u0131m\u0131z\u0131 korumak i\u00e7in kaynak yarat\u0131yoruz.\n<br><br>\n<span style=\"color: #4db848;\">\u00c7evre Koruma ve Kaynaklar\u0131n Ak\u0131lc\u0131 Kullan\u0131m\u0131<\/span><br>\nFaaliyetlerimiz sonucunda olu\u015fan \u00e7evresel ektilerin kontrol alt\u0131nda tutulmas\u0131n\u0131 sa\u011flayarak savurganl\u0131ktan ka\u00e7\u0131nmaya \u00f6zen g\u00f6steriyoruz.\n<br><br>\n<span style=\"color: #4db848;\">S\u00fcrd\u00fcr\u00fclebilir B\u00fcy\u00fcme<\/span><br>\nBug\u00fcn\u00fcn insan\u0131na ve gelecek ku\u015faklara kar\u015f\u0131 sorumlulu\u011fumuzun bilincindeyiz. \u00c7evresel, ekonomik ve sosyal sorumluluklar\u0131m\u0131z\u0131 her zaman g\u00f6zeterek, g\u00fc\u00e7l\u00fc i\u015f g\u00fcc\u00fc, altyap\u0131 bilgi, teknoloji ve g\u00fcven ile s\u00fcrd\u00fcr\u00fclebilir b\u00fcy\u00fcmenin \u00f6nemine inan\u0131yoruz.\t\t\t\t\t\t\t\t<\/div>\n\t\t\t\t<\/div>\n\t\t\t\t<\/div>\n\t\t\t\t\t<\/div>\n\t\t\t\t<\/div>\n\t\t<div class=\"elementor-element elementor-element-d59025a e-flex e-con-boxed wd-section-disabled e-con e-parent\" data-id=\"d59025a\" data-element_type=\"container\" data-e-type=\"container\" id=\"sirket-politikamiz\">\n\t\t\t\t\t<div class=\"e-con-inner\">\n\t\t\t\t<div class=\"elementor-element elementor-element-3ff1fcb elementor-widget elementor-widget-menu-anchor\" data-id=\"3ff1fcb\" data-element_type=\"widget\" data-e-type=\"widget\" data-widget_type=\"menu-anchor.default\">\n\t\t\t\t<div class=\"elementor-widget-container\">\n\t\t\t\t\t\t\t<div class=\"elementor-menu-anchor\" id=\"sirket-politikamiz\"><\/div>\n\t\t\t\t\t\t<\/div>\n\t\t\t\t<\/div>\n\t\t\t\t<div class=\"elementor-element elementor-element-5a88de8 elementor-widget elementor-widget-heading\" data-id=\"5a88de8\" data-element_type=\"widget\" data-e-type=\"widget\" data-widget_type=\"heading.default\">\n\t\t\t\t<div class=\"elementor-widget-container\">\n\t\t\t\t\t<h2 class=\"elementor-heading-title elementor-size-default\">\u015eirket Politikam\u0131z<\/h2>\t\t\t\t<\/div>\n\t\t\t\t<\/div>\n\t\t\t\t\t<\/div>\n\t\t\t\t<\/div>\n\t\t<div class=\"elementor-element elementor-element-3bdfe95 e-flex e-con-boxed wd-section-disabled e-con e-parent\" data-id=\"3bdfe95\" data-element_type=\"container\" data-e-type=\"container\">\n\t\t\t\t\t<div class=\"e-con-inner\">\n\t\t\t\t<div class=\"elementor-element elementor-element-46bb5b4 elementor-widget elementor-widget-image\" data-id=\"46bb5b4\" data-element_type=\"widget\" data-e-type=\"widget\" data-widget_type=\"image.default\">\n\t\t\t\t<div class=\"elementor-widget-container\">\n\t\t\t\t\t\t\t\t\t\t\t\t\t\t\t<img loading=\"lazy\" decoding=\"async\" width=\"1300\" height=\"612\" src=\"https:\/\/www.orakcimakina.com\/wp-content\/themes\/woodmart\/images\/lazy.png\" class=\"attachment-large size-large wp-image-16092 wd-lazy-load wd-lazy-none\" alt=\"\" srcset=\"\" sizes=\"(max-width: 1300px) 100vw, 1300px\" data-wood-src=\"https:\/\/www.orakcimakina.com\/wp-content\/uploads\/2024\/01\/Sirket-Politikamiz-1.png-1300x612.webp\" data-srcset=\"https:\/\/www.orakcimakina.com\/wp-content\/uploads\/2024\/01\/Sirket-Politikamiz-1.png-1300x612.webp 1300w, https:\/\/www.orakcimakina.com\/wp-content\/uploads\/2024\/01\/Sirket-Politikamiz-1.png-400x188.webp 400w, https:\/\/www.orakcimakina.com\/wp-content\/uploads\/2024\/01\/Sirket-Politikamiz-1.png-768x361.webp 768w, https:\/\/www.orakcimakina.com\/wp-content\/uploads\/2024\/01\/Sirket-Politikamiz-1.png-1536x723.webp 1536w, https:\/\/www.orakcimakina.com\/wp-content\/uploads\/2024\/01\/Sirket-Politikamiz-1.png.webp 1672w\" title=\"\">\t\t\t\t\t\t\t\t\t\t\t\t\t\t\t<\/div>\n\t\t\t\t<\/div>\n\t\t\t\t\t<\/div>\n\t\t\t\t<\/div>\n\t\t<div class=\"elementor-element elementor-element-6955f0b e-flex e-con-boxed wd-section-disabled e-con e-parent\" data-id=\"6955f0b\" data-element_type=\"container\" data-e-type=\"container\">\n\t\t\t\t\t<div class=\"e-con-inner\">\n\t\t<div class=\"elementor-element elementor-element-20fdd1e e-con-full e-flex wd-section-disabled e-con e-child\" data-id=\"20fdd1e\" data-element_type=\"container\" data-e-type=\"container\">\n\t\t\t\t<div class=\"elementor-element elementor-element-59027c2 elementor-widget elementor-widget-heading\" data-id=\"59027c2\" data-element_type=\"widget\" data-e-type=\"widget\" data-widget_type=\"heading.default\">\n\t\t\t\t<div class=\"elementor-widget-container\">\n\t\t\t\t\t<div class=\"elementor-heading-title elementor-size-default\">\"M\u00fc\u015fteri odakl\u0131 y\u00f6netim anlay\u0131\u015f\u0131m\u0131z \u00e7er\u00e7evesinde, \u00e7al\u0131\u015fanlar\u0131m\u0131z ve tedarik\u00e7ilerimiz ba\u015fta olmak \u00fczere t\u00fcm payda\u015flar\u0131m\u0131zla bir b\u00fct\u00fcnl\u00fck i\u00e7inde a\u015fa\u011f\u0131daki ilkeler do\u011frultusunda \u00e7al\u0131\u015fmak, temel g\u00f6rev ve sorumluluklar\u0131m\u0131zd\u0131r.\"<\/div>\t\t\t\t<\/div>\n\t\t\t\t<\/div>\n\t\t\t\t<\/div>\n\t\t<div class=\"elementor-element elementor-element-7d1eac0 e-con-full e-flex wd-section-disabled e-con e-child\" data-id=\"7d1eac0\" data-element_type=\"container\" data-e-type=\"container\">\n\t\t\t\t<div class=\"elementor-element elementor-element-8ac39d5 color-scheme-inherit text-left elementor-widget elementor-widget-text-editor\" data-id=\"8ac39d5\" data-element_type=\"widget\" data-e-type=\"widget\" data-widget_type=\"text-editor.default\">\n\t\t\t\t<div class=\"elementor-widget-container\">\n\t\t\t\t\t\t\t\t\t<ul><li>M\u00fc\u015fterilerimizin taleplerini en \u00fcst seviyede kar\u015f\u0131lamak ve maksimum m\u00fc\u015fteri memnuniyetini sa\u011flamak,<\/li><li>Kaliteli, yenilik\u00e7i ve sorunsuz \u00fcr\u00fcnler tasarlay\u0131p \u00fcreterek m\u00fc\u015fteri memnuniyetinde s\u00fcrd\u00fcr\u00fclebilirli\u011fi sa\u011flamak,<\/li><li>\u00dcr\u00fcn ve hizmetlerimizi m\u00fc\u015fteri \u015fartlar\u0131 ile ulusal ve uluslararas\u0131 standartlara uygun \u015fekilde sunmak,<\/li><li>\u00dcr\u00fcn ve proseslerimizi standart hale getirerek kalitemizi g\u00fcvence alt\u0131na almak,<\/li><li>\u00dcr\u00fcnlerimize sat\u0131\u015f sonras\u0131nda sahip \u00e7\u0131karak m\u00fc\u015fterilerinin yan\u0131nda olmak,<\/li><li>\u201cS\u00fcre\u00e7lerle Y\u00f6netim\u201d anlay\u0131\u015f\u0131 ile, verilere dayal\u0131, etkin ve verimli \u00e7al\u0131\u015fmak,<\/li><li>\u201cS\u00fcrekli \u0130yile\u015ftirme\u201d anlay\u0131\u015f\u0131yla, kalite ve verimlili\u011fi, uluslararas\u0131 d\u00fczeyde rekabet edebilecek seviyeye y\u00fckseltmek,<\/li><li>Temel de\u011fer olan insana yat\u0131r\u0131m yaparak, \u00f6\u011frenilmi\u015f bilgiye dayal\u0131 tecr\u00fcbeyi artt\u0131rmak,<\/li><li>Kar\u015f\u0131l\u0131kl\u0131 sayg\u0131 ve i\u015f birli\u011finin hakim oldu\u011fu, sa\u011fl\u0131kl\u0131 ve g\u00fcvenli i\u015f ortam\u0131 olu\u015fturmak,<\/li><li>\u00c7al\u0131\u015fanlar\u0131m\u0131z\u0131n memnuniyeti ve geli\u015fimi i\u00e7in gerekli kaynaklar\u0131 sa\u011flamak,<\/li><li>Ar-Ge faaliyetlerimize, \u00f6\u011frenme ve geli\u015fime kaynak ay\u0131rarak yetkinliklerimizi artt\u0131rmak,<\/li><li>T\u00fcm ili\u015fkilerimizde evrensel etik de\u011ferlere ba\u011fl\u0131, yasalara uyan, bug\u00fcn\u00fcn insan\u0131na, gelecek ku\u015faklara ve \u00e7evreye kar\u015f\u0131 sorumluluklar\u0131n\u0131 bilen ve yerine getiren bir kurum olmak,<\/li><\/ul><p><a href=\"https:\/\/www.orakcimakina.com\/de\/tr\/neden-orakci\/\">Orak\u00e7\u0131 Makina<\/a>\u00a0A.\u015e olarak ilkelerimize ba\u011fl\u0131 olmay\u0131, t\u00fcm s\u00fcre\u00e7lerimizi standartla\u015ft\u0131r\u0131lm\u0131\u015f sistematik bir yakla\u015f\u0131mla y\u00f6netmeyi, Kalite Y\u00f6netim Sistemimizi s\u00fcrd\u00fcrmeyi ve s\u00fcrekli iyile\u015ftirmeyi taahh\u00fct ederiz.<\/p>\t\t\t\t\t\t\t\t<\/div>\n\t\t\t\t<\/div>\n\t\t\t\t<\/div>\n\t\t\t\t\t<\/div>\n\t\t\t\t<\/div>\n\t\t\t\t<\/div>","protected":false},"excerpt":{"rendered":"<p>Orak\u00e7\u0131 Makina Olarak &#8220;Ara\u00e7 \u00fcst\u00fc at\u0131k toplama ve \u00f6zel hizmet ekipmanlar\u0131n\u0131; m\u00fc\u015fteri ihtiya\u00e7lar\u0131 do\u011frultusunda, g\u00fcvenli, dayan\u0131kl\u0131, rekabet\u00e7i ve global pazarlarda<\/p>","protected":false},"author":3,"featured_media":0,"parent":0,"menu_order":0,"comment_status":"closed","ping_status":"closed","template":"elementor_header_footer","meta":{"footnotes":""},"class_list":["post-16079","page","type-page","status-publish","hentry"],"_links":{"self":[{"href":"https:\/\/www.orakcimakina.com\/de\/wp-json\/wp\/v2\/pages\/16079","targetHints":{"allow":["GET"]}}],"collection":[{"href":"https:\/\/www.orakcimakina.com\/de\/wp-json\/wp\/v2\/pages"}],"about":[{"href":"https:\/\/www.orakcimakina.com\/de\/wp-json\/wp\/v2\/types\/page"}],"author":[{"embeddable":true,"href":"https:\/\/www.orakcimakina.com\/de\/wp-json\/wp\/v2\/users\/3"}],"replies":[{"embeddable":true,"href":"https:\/\/www.orakcimakina.com\/de\/wp-json\/wp\/v2\/comments?post=16079"}],"version-history":[{"count":0,"href":"https:\/\/www.orakcimakina.com\/de\/wp-json\/wp\/v2\/pages\/16079\/revisions"}],"wp:attachment":[{"href":"https:\/\/www.orakcimakina.com\/de\/wp-json\/wp\/v2\/media?parent=16079"}],"curies":[{"name":"wp","href":"https:\/\/api.w.org\/{rel}","templated":true}]}}